{"version":"1.0","provider_name":"Guin\u00e9e Diversit\u00e9","provider_url":"https:\/\/guineediversite.com","author_name":"Guin\u00e9e Diversit\u00e9","author_url":"https:\/\/guineediversite.com\/index.php\/author\/guineediversite\/","title":"La Pr\u00e9sidente de la COFFIG chez Dalein : Dr Makal\u00e9 Traor\u00e9 demande aux militants de l\u2019UFDG ainsi qu\u2019\u00e0 la population de se ressaisir pour que la paix r\u00e8gne dans le pays | Guin\u00e9e Diversit\u00e9","type":"rich","width":600,"height":338,"html":"<blockquote class=\"wp-embedded-content\" data-secret=\"fvk7opFT85\"><a href=\"https:\/\/guineediversite.com\/index.php\/2018\/10\/25\/27019\/\">La Pr\u00e9sidente de la COFFIG chez Dalein : Dr Makal\u00e9 Traor\u00e9 demande aux militants de l\u2019UFDG ainsi qu\u2019\u00e0 la population de se ressaisir pour que la paix r\u00e8gne dans le pays<\/a><\/blockquote><iframe sandbox=\"allow-scripts\" security=\"restricted\" src=\"https:\/\/guineediversite.com\/index.php\/2018\/10\/25\/27019\/embed\/#?secret=fvk7opFT85\" width=\"600\" height=\"338\" title=\"\u00ab\u00a0La Pr\u00e9sidente de la COFFIG chez Dalein : Dr Makal\u00e9 Traor\u00e9 demande aux militants de l\u2019UFDG ainsi qu\u2019\u00e0 la population de se ressaisir pour que la paix r\u00e8gne dans le pays\u00a0\u00bb &#8212; Guin\u00e9e Diversit\u00e9\" data-secret=\"fvk7opFT85\" frameborder=\"0\" marginwidth=\"0\" marginheight=\"0\" scrolling=\"no\" class=\"wp-embedded-content\"><\/iframe><script type=\"text\/javascript\">\n\/* <![CDATA[ *\/\n\/*! This file is auto-generated *\/\n!function(d,l){\"use strict\";l.querySelector&&d.addEventListener&&\"undefined\"!=typeof URL&&(d.wp=d.wp||{},d.wp.receiveEmbedMessage||(d.wp.receiveEmbedMessage=function(e){var t=e.data;if((t||t.secret||t.message||t.value)&&!\/[^a-zA-Z0-9]\/.test(t.secret)){for(var s,r,n,a=l.querySelectorAll('iframe[data-secret=\"'+t.secret+'\"]'),o=l.querySelectorAll('blockquote[data-secret=\"'+t.secret+'\"]'),c=new RegExp(\"^https?:$\",\"i\"),i=0;i<o.length;i++)o[i].style.display=\"none\";for(i=0;i<a.length;i++)s=a[i],e.source===s.contentWindow&&(s.removeAttribute(\"style\"),\"height\"===t.message?(1e3<(r=parseInt(t.value,10))?r=1e3:~~r<200&&(r=200),s.height=r):\"link\"===t.message&&(r=new URL(s.getAttribute(\"src\")),n=new URL(t.value),c.test(n.protocol))&&n.host===r.host&&l.activeElement===s&&(d.top.location.href=t.value))}},d.addEventListener(\"message\",d.wp.receiveEmbedMessage,!1),l.addEventListener(\"DOMContentLoaded\",function(){for(var e,t,s=l.querySelectorAll(\"iframe.wp-embedded-content\"),r=0;r<s.length;r++)(t=(e=s[r]).getAttribute(\"data-secret\"))||(t=Math.random().toString(36).substring(2,12),e.src+=\"#?secret=\"+t,e.setAttribute(\"data-secret\",t)),e.contentWindow.postMessage({message:\"ready\",secret:t},\"*\")},!1)))}(window,document);\n\/* ]]> *\/\n<\/script>\n","thumbnail_url":"https:\/\/guineediversite.com\/wp-content\/uploads\/2018\/10\/B2411BE8-60FF-41F8-B668-A7545FC75D51-696x392.jpeg","thumbnail_width":1024,"thumbnail_height":577,"description":"La Pr\u00e9sidente de la Coalition des Femmes et Filles de Guin\u00e9e COFFIG,\u00a0\u00e9tait ce mercredi 24 octobre\u00a0au domicile d\u2019El hadj Cellou Dalein Diallo pour exprimer son regret suite \u00e0 l\u2019attaque de son cort\u00e8ge lors de la marche pacifique. Dr Makal\u00e9 Traor\u00e9 a pr\u00e9cis\u00e9 que les guin\u00e9ens devraient prot\u00e9ger la patrie. \u00ab\u00a0J\u2019ai regrett\u00e9 ce qui s\u2019est pass\u00e9 [&hellip;]"}