{"version":"1.0","provider_name":"Guin\u00e9e Diversit\u00e9","provider_url":"https:\/\/guineediversite.com","author_name":"Mamadou Aliou Bangoura","author_url":"https:\/\/guineediversite.com\/index.php\/author\/mamadou-aliou\/","title":"Bient\u00f4t un fond social pour la police nationale | Guin\u00e9e Diversit\u00e9","type":"rich","width":600,"height":338,"html":"<blockquote class=\"wp-embedded-content\" data-secret=\"ByTL0GlCwK\"><a href=\"https:\/\/guineediversite.com\/index.php\/2018\/01\/09\/bientot-fond-social-police-nationale\/\">Bient\u00f4t un fond social pour la police nationale<\/a><\/blockquote><iframe sandbox=\"allow-scripts\" security=\"restricted\" src=\"https:\/\/guineediversite.com\/index.php\/2018\/01\/09\/bientot-fond-social-police-nationale\/embed\/#?secret=ByTL0GlCwK\" width=\"600\" height=\"338\" title=\"\u00ab\u00a0Bient\u00f4t un fond social pour la police nationale\u00a0\u00bb &#8212; Guin\u00e9e Diversit\u00e9\" data-secret=\"ByTL0GlCwK\" frameborder=\"0\" marginwidth=\"0\" marginheight=\"0\" scrolling=\"no\" class=\"wp-embedded-content\"><\/iframe><script type=\"text\/javascript\">\n\/* <![CDATA[ *\/\n\/*! This file is auto-generated *\/\n!function(d,l){\"use strict\";l.querySelector&&d.addEventListener&&\"undefined\"!=typeof URL&&(d.wp=d.wp||{},d.wp.receiveEmbedMessage||(d.wp.receiveEmbedMessage=function(e){var t=e.data;if((t||t.secret||t.message||t.value)&&!\/[^a-zA-Z0-9]\/.test(t.secret)){for(var s,r,n,a=l.querySelectorAll('iframe[data-secret=\"'+t.secret+'\"]'),o=l.querySelectorAll('blockquote[data-secret=\"'+t.secret+'\"]'),c=new RegExp(\"^https?:$\",\"i\"),i=0;i<o.length;i++)o[i].style.display=\"none\";for(i=0;i<a.length;i++)s=a[i],e.source===s.contentWindow&&(s.removeAttribute(\"style\"),\"height\"===t.message?(1e3<(r=parseInt(t.value,10))?r=1e3:~~r<200&&(r=200),s.height=r):\"link\"===t.message&&(r=new URL(s.getAttribute(\"src\")),n=new URL(t.value),c.test(n.protocol))&&n.host===r.host&&l.activeElement===s&&(d.top.location.href=t.value))}},d.addEventListener(\"message\",d.wp.receiveEmbedMessage,!1),l.addEventListener(\"DOMContentLoaded\",function(){for(var e,t,s=l.querySelectorAll(\"iframe.wp-embedded-content\"),r=0;r<s.length;r++)(t=(e=s[r]).getAttribute(\"data-secret\"))||(t=Math.random().toString(36).substring(2,12),e.src+=\"#?secret=\"+t,e.setAttribute(\"data-secret\",t)),e.contentWindow.postMessage({message:\"ready\",secret:t},\"*\")},!1)))}(window,document);\n\/* ]]> *\/\n<\/script>\n","thumbnail_url":"https:\/\/guineediversite.com\/wp-content\/uploads\/2018\/01\/IMG_20180105_101824.jpg","thumbnail_width":2560,"thumbnail_height":1920,"description":"C\u2019est Me Abdoul Kabele\u00a0Camara\u00a0qui a fait l\u2019annonce de la cr\u00e9ation\u00a0d\u2019n\u00a0fond social pour la police nationale.\u00a0C\u2019\u00e9tait \u00e0 l&rsquo;occasion de la pr\u00e9sentation par les unit\u00e9s de la police et de la protection civile leurs v\u0153ux de nouvel an.\u00a0 C&rsquo;est sans doute une bonne nouvelle pour la Police et les agents de la protection civile.\u00a0Le fond social, un [&hellip;]"}