{"version":"1.0","provider_name":"Guin\u00e9e Diversit\u00e9","provider_url":"https:\/\/guineediversite.com","author_name":"Guin\u00e9e Diversit\u00e9","author_url":"https:\/\/guineediversite.com\/index.php\/author\/guineediversite\/","title":"Guin\u00e9e : Alpha Cond\u00e9, de l\u2019\u00c9lys\u00e9e \u00e0 la Chesnaie du Roy | Guin\u00e9e Diversit\u00e9","type":"rich","width":600,"height":338,"html":"<blockquote class=\"wp-embedded-content\" data-secret=\"oFjhFfGUco\"><a href=\"https:\/\/guineediversite.com\/index.php\/2017\/11\/15\/guinee-alpha-conde-de-lelysee-a-chesnaie-roy\/\">Guin\u00e9e : Alpha Cond\u00e9, de l\u2019\u00c9lys\u00e9e \u00e0 la Chesnaie du Roy<\/a><\/blockquote><iframe sandbox=\"allow-scripts\" security=\"restricted\" src=\"https:\/\/guineediversite.com\/index.php\/2017\/11\/15\/guinee-alpha-conde-de-lelysee-a-chesnaie-roy\/embed\/#?secret=oFjhFfGUco\" width=\"600\" height=\"338\" title=\"\u00ab\u00a0Guin\u00e9e : Alpha Cond\u00e9, de l\u2019\u00c9lys\u00e9e \u00e0 la Chesnaie du Roy\u00a0\u00bb &#8212; Guin\u00e9e Diversit\u00e9\" data-secret=\"oFjhFfGUco\" frameborder=\"0\" marginwidth=\"0\" marginheight=\"0\" scrolling=\"no\" class=\"wp-embedded-content\"><\/iframe><script type=\"text\/javascript\">\n\/* <![CDATA[ *\/\n\/*! This file is auto-generated *\/\n!function(d,l){\"use strict\";l.querySelector&&d.addEventListener&&\"undefined\"!=typeof URL&&(d.wp=d.wp||{},d.wp.receiveEmbedMessage||(d.wp.receiveEmbedMessage=function(e){var t=e.data;if((t||t.secret||t.message||t.value)&&!\/[^a-zA-Z0-9]\/.test(t.secret)){for(var s,r,n,a=l.querySelectorAll('iframe[data-secret=\"'+t.secret+'\"]'),o=l.querySelectorAll('blockquote[data-secret=\"'+t.secret+'\"]'),c=new RegExp(\"^https?:$\",\"i\"),i=0;i<o.length;i++)o[i].style.display=\"none\";for(i=0;i<a.length;i++)s=a[i],e.source===s.contentWindow&&(s.removeAttribute(\"style\"),\"height\"===t.message?(1e3<(r=parseInt(t.value,10))?r=1e3:~~r<200&&(r=200),s.height=r):\"link\"===t.message&&(r=new URL(s.getAttribute(\"src\")),n=new URL(t.value),c.test(n.protocol))&&n.host===r.host&&l.activeElement===s&&(d.top.location.href=t.value))}},d.addEventListener(\"message\",d.wp.receiveEmbedMessage,!1),l.addEventListener(\"DOMContentLoaded\",function(){for(var e,t,s=l.querySelectorAll(\"iframe.wp-embedded-content\"),r=0;r<s.length;r++)(t=(e=s[r]).getAttribute(\"data-secret\"))||(t=Math.random().toString(36).substring(2,12),e.src+=\"#?secret=\"+t,e.setAttribute(\"data-secret\",t)),e.contentWindow.postMessage({message:\"ready\",secret:t},\"*\")},!1)))}(window,document);\n\/* ]]> *\/\n<\/script>\n","thumbnail_url":"https:\/\/guineediversite.com\/wp-content\/uploads\/2017\/11\/6014hr_-592x296-1478770529-1.jpg","thumbnail_width":1024,"thumbnail_height":512,"description":"Le pr\u00e9sident guin\u00e9en Alpha Cond\u00e9 devrait \u00eatre re\u00e7u pour la premi\u00e8re fois \u00e0 l\u2019\u00c9lys\u00e9e par son homologue fran\u00e7ais, Emmanuel Macron, le 22\u00a0novembre \u00e0 15 heures. C\u2019est du moins la date qui a \u00e9t\u00e9 retenue lors de l\u2019audience que celui qui est \u00e9galement pr\u00e9sident en exercice de l\u2019UA a accord\u00e9e \u00e0 Franck Paris, le conseiller Afrique [&hellip;]"}