{"version":"1.0","provider_name":"Guin\u00e9e Diversit\u00e9","provider_url":"https:\/\/guineediversite.com","author_name":"Moussa Mo\u00efse K\u00e9ita","author_url":"https:\/\/guineediversite.com\/index.php\/author\/moussa-moise\/","title":"Retrait\u00e9s :\u00a0les oubli\u00e9s de l\u2019Etat | Guin\u00e9e Diversit\u00e9","type":"rich","width":600,"height":338,"html":"<blockquote class=\"wp-embedded-content\" data-secret=\"0FAk9shQs2\"><a href=\"https:\/\/guineediversite.com\/index.php\/2017\/11\/09\/retraites-oublies-de-letat\/\">Retrait\u00e9s :\u00a0les oubli\u00e9s de l\u2019Etat<\/a><\/blockquote><iframe sandbox=\"allow-scripts\" security=\"restricted\" src=\"https:\/\/guineediversite.com\/index.php\/2017\/11\/09\/retraites-oublies-de-letat\/embed\/#?secret=0FAk9shQs2\" width=\"600\" height=\"338\" title=\"\u00ab\u00a0Retrait\u00e9s :\u00a0les oubli\u00e9s de l\u2019Etat\u00a0\u00bb &#8212; Guin\u00e9e Diversit\u00e9\" data-secret=\"0FAk9shQs2\" frameborder=\"0\" marginwidth=\"0\" marginheight=\"0\" scrolling=\"no\" class=\"wp-embedded-content\"><\/iframe><script type=\"text\/javascript\">\n\/* <![CDATA[ *\/\n\/*! This file is auto-generated *\/\n!function(d,l){\"use strict\";l.querySelector&&d.addEventListener&&\"undefined\"!=typeof URL&&(d.wp=d.wp||{},d.wp.receiveEmbedMessage||(d.wp.receiveEmbedMessage=function(e){var t=e.data;if((t||t.secret||t.message||t.value)&&!\/[^a-zA-Z0-9]\/.test(t.secret)){for(var s,r,n,a=l.querySelectorAll('iframe[data-secret=\"'+t.secret+'\"]'),o=l.querySelectorAll('blockquote[data-secret=\"'+t.secret+'\"]'),c=new RegExp(\"^https?:$\",\"i\"),i=0;i<o.length;i++)o[i].style.display=\"none\";for(i=0;i<a.length;i++)s=a[i],e.source===s.contentWindow&&(s.removeAttribute(\"style\"),\"height\"===t.message?(1e3<(r=parseInt(t.value,10))?r=1e3:~~r<200&&(r=200),s.height=r):\"link\"===t.message&&(r=new URL(s.getAttribute(\"src\")),n=new URL(t.value),c.test(n.protocol))&&n.host===r.host&&l.activeElement===s&&(d.top.location.href=t.value))}},d.addEventListener(\"message\",d.wp.receiveEmbedMessage,!1),l.addEventListener(\"DOMContentLoaded\",function(){for(var e,t,s=l.querySelectorAll(\"iframe.wp-embedded-content\"),r=0;r<s.length;r++)(t=(e=s[r]).getAttribute(\"data-secret\"))||(t=Math.random().toString(36).substring(2,12),e.src+=\"#?secret=\"+t,e.setAttribute(\"data-secret\",t)),e.contentWindow.postMessage({message:\"ready\",secret:t},\"*\")},!1)))}(window,document);\n\/* ]]> *\/\n<\/script>\n","thumbnail_url":"https:\/\/guineediversite.com\/wp-content\/uploads\/2017\/11\/23433163_1939758949619214_146566037_o.jpg","thumbnail_width":2048,"thumbnail_height":1228,"description":"Ils affirment \u00eatre mis dans les oubliettes par les autorit\u00e9s dirigeantes alors qu\u2019ils s\u2019\u00e9taient donn\u00e9 corps et \u00e2me pour le d\u00e9veloppement du pays.\u00a0Eux, ce sont les personnes de troisi\u00e8me \u00e2ge.\u00a0Ces\u00a0retrait\u00e9s forment la F\u00e9d\u00e9ration Syndicale Nationale Autonome des Retrait\u00e9s de Guin\u00e9e\u00a0FESAREG.\u00a0Cette structure syndicale est affili\u00e9e \u00e0 la Conf\u00e9d\u00e9ration Syndicale Autonome des Travailleurs et Retrait\u00e9s de Guin\u00e9e,\u00a0COSATREG.\u00a0Dans [&hellip;]"}