{"version":"1.0","provider_name":"Guin\u00e9e Diversit\u00e9","provider_url":"https:\/\/guineediversite.com","author_name":"Lazare Bangoura","author_url":"https:\/\/guineediversite.com\/index.php\/author\/l-bangoura\/","title":"59 ans de l'arm\u00e9e guin\u00e9enne: bilan et perspectives | Guin\u00e9e Diversit\u00e9","type":"rich","width":600,"height":338,"html":"<blockquote class=\"wp-embedded-content\" data-secret=\"n0RHqakL1Z\"><a href=\"https:\/\/guineediversite.com\/index.php\/2017\/11\/01\/59-ans-de-larmee-guineenne-bilan-perspectives\/\">59 ans de l&rsquo;arm\u00e9e guin\u00e9enne: bilan et perspectives<\/a><\/blockquote><iframe sandbox=\"allow-scripts\" security=\"restricted\" src=\"https:\/\/guineediversite.com\/index.php\/2017\/11\/01\/59-ans-de-larmee-guineenne-bilan-perspectives\/embed\/#?secret=n0RHqakL1Z\" width=\"600\" height=\"338\" title=\"\u00ab\u00a059 ans de l&rsquo;arm\u00e9e guin\u00e9enne: bilan et perspectives\u00a0\u00bb &#8212; Guin\u00e9e Diversit\u00e9\" data-secret=\"n0RHqakL1Z\" frameborder=\"0\" marginwidth=\"0\" marginheight=\"0\" scrolling=\"no\" class=\"wp-embedded-content\"><\/iframe><script type=\"text\/javascript\">\n\/* <![CDATA[ *\/\n\/*! This file is auto-generated *\/\n!function(d,l){\"use strict\";l.querySelector&&d.addEventListener&&\"undefined\"!=typeof URL&&(d.wp=d.wp||{},d.wp.receiveEmbedMessage||(d.wp.receiveEmbedMessage=function(e){var t=e.data;if((t||t.secret||t.message||t.value)&&!\/[^a-zA-Z0-9]\/.test(t.secret)){for(var s,r,n,a=l.querySelectorAll('iframe[data-secret=\"'+t.secret+'\"]'),o=l.querySelectorAll('blockquote[data-secret=\"'+t.secret+'\"]'),c=new RegExp(\"^https?:$\",\"i\"),i=0;i<o.length;i++)o[i].style.display=\"none\";for(i=0;i<a.length;i++)s=a[i],e.source===s.contentWindow&&(s.removeAttribute(\"style\"),\"height\"===t.message?(1e3<(r=parseInt(t.value,10))?r=1e3:~~r<200&&(r=200),s.height=r):\"link\"===t.message&&(r=new URL(s.getAttribute(\"src\")),n=new URL(t.value),c.test(n.protocol))&&n.host===r.host&&l.activeElement===s&&(d.top.location.href=t.value))}},d.addEventListener(\"message\",d.wp.receiveEmbedMessage,!1),l.addEventListener(\"DOMContentLoaded\",function(){for(var e,t,s=l.querySelectorAll(\"iframe.wp-embedded-content\"),r=0;r<s.length;r++)(t=(e=s[r]).getAttribute(\"data-secret\"))||(t=Math.random().toString(36).substring(2,12),e.src+=\"#?secret=\"+t,e.setAttribute(\"data-secret\",t)),e.contentWindow.postMessage({message:\"ready\",secret:t},\"*\")},!1)))}(window,document);\n\/* ]]> *\/\n<\/script>\n","thumbnail_url":"https:\/\/guineediversite.com\/wp-content\/uploads\/2017\/11\/images.jpg","thumbnail_width":"1024","thumbnail_height":"575","description":"Aucune garnison militaire du pays n\u2019a fait exception ce mercredi \u00e0 la c\u00e9l\u00e9bration du\u00a059e\u00a0\u00a0anniversaire de la cr\u00e9ation de l\u2019arm\u00e9e Guin\u00e9enne. Au bataillon du quartier g\u00e9n\u00e9ral du Camp\u00a0Almamy\u00a0Samory\u00a0Tour\u00e9, c\u2019est le ministre d\u2019Etat en charge de la D\u00e9fense Mohamed\u00a0Dian\u00e9\u00a0qui a pr\u00e9sid\u00e9 la dite c\u00e9r\u00e9monie. Une c\u00e9r\u00e9monie qui marque un pas\u00a0d\u00e9cisif\u00a0dans la reforme de l&rsquo;arm\u00e9e guin\u00e9enne, aux yeux [&hellip;]"}