{"version":"1.0","provider_name":"Guin\u00e9e Diversit\u00e9","provider_url":"https:\/\/guineediversite.com","author_name":"Lazare Bangoura","author_url":"https:\/\/guineediversite.com\/index.php\/author\/l-bangoura\/","title":"Guin\u00e9e :\u00a0un forum pour d\u00e9noncer les violences faites aux femmes\u00a0 | Guin\u00e9e Diversit\u00e9","type":"rich","width":600,"height":338,"html":"<blockquote class=\"wp-embedded-content\" data-secret=\"Tz5xyVwy0f\"><a href=\"https:\/\/guineediversite.com\/index.php\/2017\/09\/18\/guinee-forum-denoncer-violences-aux-femmes\/\">Guin\u00e9e :\u00a0un forum pour d\u00e9noncer les violences faites aux femmes\u00a0<\/a><\/blockquote><iframe sandbox=\"allow-scripts\" security=\"restricted\" src=\"https:\/\/guineediversite.com\/index.php\/2017\/09\/18\/guinee-forum-denoncer-violences-aux-femmes\/embed\/#?secret=Tz5xyVwy0f\" width=\"600\" height=\"338\" title=\"\u00ab\u00a0Guin\u00e9e :\u00a0un forum pour d\u00e9noncer les violences faites aux femmes\u00a0\u00a0\u00bb &#8212; Guin\u00e9e Diversit\u00e9\" data-secret=\"Tz5xyVwy0f\" frameborder=\"0\" marginwidth=\"0\" marginheight=\"0\" scrolling=\"no\" class=\"wp-embedded-content\"><\/iframe><script type=\"text\/javascript\">\n\/* <![CDATA[ *\/\n\/*! This file is auto-generated *\/\n!function(d,l){\"use strict\";l.querySelector&&d.addEventListener&&\"undefined\"!=typeof URL&&(d.wp=d.wp||{},d.wp.receiveEmbedMessage||(d.wp.receiveEmbedMessage=function(e){var t=e.data;if((t||t.secret||t.message||t.value)&&!\/[^a-zA-Z0-9]\/.test(t.secret)){for(var s,r,n,a=l.querySelectorAll('iframe[data-secret=\"'+t.secret+'\"]'),o=l.querySelectorAll('blockquote[data-secret=\"'+t.secret+'\"]'),c=new RegExp(\"^https?:$\",\"i\"),i=0;i<o.length;i++)o[i].style.display=\"none\";for(i=0;i<a.length;i++)s=a[i],e.source===s.contentWindow&&(s.removeAttribute(\"style\"),\"height\"===t.message?(1e3<(r=parseInt(t.value,10))?r=1e3:~~r<200&&(r=200),s.height=r):\"link\"===t.message&&(r=new URL(s.getAttribute(\"src\")),n=new URL(t.value),c.test(n.protocol))&&n.host===r.host&&l.activeElement===s&&(d.top.location.href=t.value))}},d.addEventListener(\"message\",d.wp.receiveEmbedMessage,!1),l.addEventListener(\"DOMContentLoaded\",function(){for(var e,t,s=l.querySelectorAll(\"iframe.wp-embedded-content\"),r=0;r<s.length;r++)(t=(e=s[r]).getAttribute(\"data-secret\"))||(t=Math.random().toString(36).substring(2,12),e.src+=\"#?secret=\"+t,e.setAttribute(\"data-secret\",t)),e.contentWindow.postMessage({message:\"ready\",secret:t},\"*\")},!1)))}(window,document);\n\/* ]]> *\/\n<\/script>\n","thumbnail_url":"https:\/\/guineediversite.com\/wp-content\/uploads\/2017\/09\/Violence-psychologique.jpg","thumbnail_width":"1200","thumbnail_height":"720","description":"Ouverture ce lundi \u00e0 Conakry du forum sur les violences bas\u00e9es sur le genre.\u00a0C\u2019est une initiative du r\u00e9seau des femmes Africaines, ministres et parlementaires de Guin\u00e9e\u00a0REFAMP\u00a0en partenariat avec L\u2019UNFPA, les ONG f\u00e9minines et le minist\u00e8re de l\u2019Action sociale. La c\u00e9r\u00e9monie a regroup\u00e9 les partenaires techniques et financiers, les pr\u00e9sidentes des Institutions r\u00e9publicaines, et le minist\u00e8re [&hellip;]"}