{"version":"1.0","provider_name":"Guin\u00e9e Diversit\u00e9","provider_url":"https:\/\/guineediversite.com","author_name":"Guin\u00e9e Diversit\u00e9","author_url":"https:\/\/guineediversite.com\/index.php\/author\/guineediversite\/","title":"Gu\u00e9ckedou : Conflit entre agriculteurs et \u00e9leveurs | Guin\u00e9e Diversit\u00e9","type":"rich","width":600,"height":338,"html":"<blockquote class=\"wp-embedded-content\" data-secret=\"mqWbxY0GDE\"><a href=\"https:\/\/guineediversite.com\/index.php\/2013\/12\/31\/gueckedou-conflit-entre-agriculteurs-et-eleveurs\/\">Gu\u00e9ckedou : Conflit entre agriculteurs et \u00e9leveurs<\/a><\/blockquote><iframe sandbox=\"allow-scripts\" security=\"restricted\" src=\"https:\/\/guineediversite.com\/index.php\/2013\/12\/31\/gueckedou-conflit-entre-agriculteurs-et-eleveurs\/embed\/#?secret=mqWbxY0GDE\" width=\"600\" height=\"338\" title=\"\u00ab\u00a0Gu\u00e9ckedou : Conflit entre agriculteurs et \u00e9leveurs\u00a0\u00bb &#8212; Guin\u00e9e Diversit\u00e9\" data-secret=\"mqWbxY0GDE\" frameborder=\"0\" marginwidth=\"0\" marginheight=\"0\" scrolling=\"no\" class=\"wp-embedded-content\"><\/iframe><script type=\"text\/javascript\">\n\/* <![CDATA[ *\/\n\/*! This file is auto-generated *\/\n!function(d,l){\"use strict\";l.querySelector&&d.addEventListener&&\"undefined\"!=typeof URL&&(d.wp=d.wp||{},d.wp.receiveEmbedMessage||(d.wp.receiveEmbedMessage=function(e){var t=e.data;if((t||t.secret||t.message||t.value)&&!\/[^a-zA-Z0-9]\/.test(t.secret)){for(var s,r,n,a=l.querySelectorAll('iframe[data-secret=\"'+t.secret+'\"]'),o=l.querySelectorAll('blockquote[data-secret=\"'+t.secret+'\"]'),c=new RegExp(\"^https?:$\",\"i\"),i=0;i<o.length;i++)o[i].style.display=\"none\";for(i=0;i<a.length;i++)s=a[i],e.source===s.contentWindow&&(s.removeAttribute(\"style\"),\"height\"===t.message?(1e3<(r=parseInt(t.value,10))?r=1e3:~~r<200&&(r=200),s.height=r):\"link\"===t.message&&(r=new URL(s.getAttribute(\"src\")),n=new URL(t.value),c.test(n.protocol))&&n.host===r.host&&l.activeElement===s&&(d.top.location.href=t.value))}},d.addEventListener(\"message\",d.wp.receiveEmbedMessage,!1),l.addEventListener(\"DOMContentLoaded\",function(){for(var e,t,s=l.querySelectorAll(\"iframe.wp-embedded-content\"),r=0;r<s.length;r++)(t=(e=s[r]).getAttribute(\"data-secret\"))||(t=Math.random().toString(36).substring(2,12),e.src+=\"#?secret=\"+t,e.setAttribute(\"data-secret\",t)),e.contentWindow.postMessage({message:\"ready\",secret:t},\"*\")},!1)))}(window,document);\n\/* ]]> *\/\n<\/script>\n","description":"Il s\u2019agit pr\u00e9cis\u00e9ment de la sous pr\u00e9fecture de kassadou pr\u00e9fecture de Gu\u00e9ckedou o\u00f9 un conflit nait entre agriculteurs et \u00e9leveurs. Selon les t\u00e9moignages de quelques habitants de la localit\u00e9, il se passe de l\u2019horreur. \u00ab Plusieurs dizaines des b\u00e9tails sont abattus rien qu\u2019en quelques jours par des personnes qui se rendent justice ici \u00e0 kassadou. [&hellip;]"}